{"id":8427,"date":"2017-03-01T17:56:48","date_gmt":"2017-03-01T17:56:48","guid":{"rendered":"http:\/\/serralleriarcm.com\/serralleria-metal%c2%b7lica\/"},"modified":"2017-03-16T08:57:39","modified_gmt":"2017-03-16T08:57:39","slug":"serralleria-metal%c2%b7lica-a-reus","status":"publish","type":"page","link":"https:\/\/serralleriarcm.com\/ca\/serralleria-metal%c2%b7lica-a-reus\/","title":{"rendered":"Serralleria met\u00e0l\u00b7lica"},"content":{"rendered":"<p>[vc_row full_width=&#8221;stretch_row&#8221; bg_type=&#8221;image&#8221; parallax_style=&#8221;vcpb-vz-jquery&#8221; bg_image_new=&#8221;id^8118|url^http:\/\/serralleriarcm.com\/wp-content\/uploads\/2016\/04\/cerrajeria-metalica-en-reus.jpg|caption^null|alt^cerrajeria-metalica-en-reus|title^cerrajeria-metalica-en-reus|description^null&#8221; css=&#8221;.vc_custom_1488193052526{padding-top: 300px !important;padding-bottom: 100px !important;}&#8221;][vc_column]<div id=\"ultimate-heading-555269f4ae31afaf2\" class=\"uvc-heading ult-adjust-bottom-margin ultimate-heading-555269f4ae31afaf2 uvc-2860 \" data-hspacer=\"line_only\"  data-halign=\"center\" style=\"text-align:center\"><div class=\"uvc-main-heading ult-responsive\"  data-ultimate-target='.uvc-heading.ultimate-heading-555269f4ae31afaf2 h2'  data-responsive-json-new='{\"font-size\":\"\",\"line-height\":\"\"}' ><h2 style=\"font-weight:bold;color:#ffffff;\">SERVEI DE SERRALLERIA MET\u00c0L\u00b7LICA<\/h2><\/div><div class=\"uvc-sub-heading ult-responsive\"  data-ultimate-target='.uvc-heading.ultimate-heading-555269f4ae31afaf2 .uvc-sub-heading '  data-responsive-json-new='{\"font-size\":\"\",\"line-height\":\"\"}'  style=\"font-weight:normal;color:#ffffff;\">Tot tipus de treballs de serralleria met\u00e0l\u00b7lica general<\/div><div class=\"uvc-heading-spacer line_only\" style=\"margin-top:10px;height:1px;\"><span class=\"uvc-headings-line\" style=\"border-style:solid;border-bottom-width:1px;border-color:#ff0000;width:80px;\"><\/span><\/div><\/div>[vc_empty_space height=&#8221;30px&#8221;][\/vc_column][\/vc_row][vc_row][vc_column]<div class=\"ult-spacer spacer-69f4ae31afb13\" data-id=\"69f4ae31afb13\" data-height=\"80\" data-height-mobile=\"80\" data-height-tab=\"80\" data-height-tab-portrait=\"\" data-height-mobile-landscape=\"\" style=\"clear:both;display:block;\"><\/div><div id=\"ultimate-heading-64969f4ae31afb2c\" class=\"uvc-heading ult-adjust-bottom-margin ultimate-heading-64969f4ae31afb2c uvc-3807 \" data-hspacer=\"no_spacer\"  data-halign=\"center\" style=\"text-align:center\"><div class=\"uvc-heading-spacer no_spacer\" style=\"top\"><\/div><div class=\"uvc-main-heading ult-responsive\"  data-ultimate-target='.uvc-heading.ultimate-heading-64969f4ae31afb2c h1'  data-responsive-json-new='{\"font-size\":\"\",\"line-height\":\"\"}' ><h1 style=\"font-weight:bold;color:#ff0000;\">SERRALLERIA MET\u00c0L\u00b7LICA A REUS I TARRAGONA<\/h1><\/div><div class=\"uvc-sub-heading ult-responsive\"  data-ultimate-target='.uvc-heading.ultimate-heading-64969f4ae31afb2c .uvc-sub-heading '  data-responsive-json-new='{\"font-size\":\"\",\"line-height\":\"\"}'  style=\"font-weight:bold;color:#000000;\">Fabricaci\u00f3 de baranes, reixes, portes, portes motoritzades, escales met\u00e0l\u00b7liques, reixats, etc<\/div><\/div><div class=\"ult-spacer spacer-69f4ae31afb42\" data-id=\"69f4ae31afb42\" data-height=\"40\" data-height-mobile=\"40\" data-height-tab=\"40\" data-height-tab-portrait=\"\" data-height-mobile-landscape=\"\" style=\"clear:both;display:block;\"><\/div>[vc_row_inner][vc_column_inner width=&#8221;1\/2&#8243;]<div class=\"ult-spacer spacer-69f4ae31afb4f\" data-id=\"69f4ae31afb4f\" data-height=\"20\" data-height-mobile=\"20\" data-height-tab=\"20\" data-height-tab-portrait=\"\" data-height-mobile-landscape=\"\" style=\"clear:both;display:block;\"><\/div>[vc_column_text el_class=&#8221;justify&#8221;]A <strong>Serralleria RCM<\/strong> realitzem tot tipus de <strong>treballs de serralleria met\u00e0l\u00b7lica a Reus i Tarragona.<\/strong><\/p>\n<p>En primer lloc, la nostra empresa est\u00e0 especialitzada en la serralleria met\u00e0l\u00b7lica en general, per la qual cosa fabriquem tot tipus de <strong>baranes, reixes met\u00e0l\u00b7liques, reixats exteriors, portes, escales, fins i tot portes motoritzades<\/strong> tant per a la ind\u00fastria com para particulars.<\/p>\n<p>En segon lloc, la nostra empresa duu a terme tot tipus de <strong>reparacions<\/strong> d&#8217;elements de <strong>serralleria general<\/strong>.<\/p>\n<p>Todos estos trabajos se realizan de forma totalmente adaptada a las necesidades de nuestros clientes y con el asesoramiento previo por parte de nuestro equipo de profesionales.<\/p>\n<p>Disponemos de los equipos necesarios para realizar trabajos con diferentes acabados: galvanizados, lacados al horno, etc. Disponemos de servicio de corte y plegado de chapa, adem\u00e1s de torno.<\/p>\n<p>[\/vc_column_text]<div class=\"ult-spacer spacer-69f4ae31afb5c\" data-id=\"69f4ae31afb5c\" data-height=\"100\" data-height-mobile=\"100\" data-height-tab=\"100\" data-height-tab-portrait=\"\" data-height-mobile-landscape=\"\" style=\"clear:both;display:block;\"><\/div>[\/vc_column_inner][vc_column_inner width=&#8221;1\/2&#8243;]<div class=\"ult-spacer spacer-69f4ae31afb68\" data-id=\"69f4ae31afb68\" data-height=\"40\" data-height-mobile=\"40\" data-height-tab=\"40\" data-height-tab-portrait=\"\" data-height-mobile-landscape=\"\" style=\"clear:both;display:block;\"><\/div>[vc_single_image image=&#8221;8150&#8243; img_size=&#8221;full&#8221;]<div class=\"ult-spacer spacer-69f4ae31afb73\" data-id=\"69f4ae31afb73\" data-height=\"40\" data-height-mobile=\"40\" data-height-tab=\"40\" data-height-tab-portrait=\"\" data-height-mobile-landscape=\"\" style=\"clear:both;display:block;\"><\/div>[\/vc_column_inner][\/vc_row_inner][\/vc_column][\/vc_row][vc_row full_width=&#8221;stretch_row&#8221; bg_type=&#8221;image&#8221; parallax_style=&#8221;vcpb-vz-jquery&#8221; bg_image_new=&#8221;id^8124|url^http:\/\/serralleriarcm.com\/wp-content\/uploads\/2016\/04\/cerrajeria-metalica-en-reus-parallax-2.jpg|caption^null|alt^cerrajeria-metalica-en-reus|title^cerrajeria-metalica-en-reus-parallax-2|description^null&#8221; css=&#8221;.vc_custom_1487176929699{padding-top: 80px !important;padding-bottom: 80px !important;}&#8221;][vc_column width=&#8221;1\/3&#8243;]\n<div id=\"interactive-banner-1-wrap-4360\" class=\"ult-banner-block ult-adjust-bottom-margin ult-bb-none  banner-style03 \"   style=\"\">\n\t<img decoding=\"async\" src=\"https:\/\/serralleriarcm.com\/wp-content\/uploads\/2016\/04\/barandillas-acero-reus.jpg\" alt=\"barandillas-acero-reus\">\n\t<h3  data-ultimate-target='#interactive-banner-1-wrap-4360 .bb-top-title '  data-responsive-json-new='{\"font-size\":\"\",\"line-height\":\"\"}'  class=\"title-center bb-top-title ult-responsive\" style=\"font-weight:500;background:#ff0000;color:#ffffff;\">BARANES<\/h3>\n\t<div class=\"mask opaque-background\" style=\"background:rgba(255,255,255,0.85);\">\n\t\t<div  data-ultimate-target='#interactive-banner-1-wrap-4360 .bb-description'  data-responsive-json-new='{\"font-size\":\"\",\"line-height\":\"\"}'  class=\"bb-description ult-responsive\" style=\"font-weight:normal;color:#484848;\">Fabricaci\u00f3 i muntatge de baranes en acer inoxidable, ferro o galvanitzaci\u00f3, tant per a ind\u00fastria com en obra nova o particular.<\/div>\n\t<\/div>\n<\/div><div class=\"ult-spacer spacer-69f4ae31afeaa\" data-id=\"69f4ae31afeaa\" data-height=\"40\" data-height-mobile=\"40\" data-height-tab=\"40\" data-height-tab-portrait=\"\" data-height-mobile-landscape=\"\" style=\"clear:both;display:block;\"><\/div>\n<div id=\"interactive-banner-1-wrap-6249\" class=\"ult-banner-block ult-adjust-bottom-margin ult-bb-none  banner-style03 \"   style=\"\">\n\t<img decoding=\"async\" src=\"https:\/\/serralleriarcm.com\/wp-content\/uploads\/2016\/04\/cerrajeria-metalica-en-reus-escalera.jpg\" alt=\"errajeria-metalica-en-reus-escalera\">\n\t<h3  data-ultimate-target='#interactive-banner-1-wrap-6249 .bb-top-title '  data-responsive-json-new='{\"font-size\":\"\",\"line-height\":\"\"}'  class=\"title-center bb-top-title ult-responsive\" style=\"font-weight:500;background:#ff0000;color:#ffffff;\">ESCALES<\/h3>\n\t<div class=\"mask opaque-background\" style=\"background:rgba(255,255,255,0.85);\">\n\t\t<div  data-ultimate-target='#interactive-banner-1-wrap-6249 .bb-description'  data-responsive-json-new='{\"font-size\":\"\",\"line-height\":\"\"}'  class=\"bb-description ult-responsive\" style=\"font-weight:normal;color:#484848;\">Fabricaci\u00f3 de tot tipus d'escales d'acer, amb diferents dissenys, tant d'interior com d'exterior, tot tipus d'acabats ja sigui fusta, acer inoxidable o cer\u00e0mica.<\/div>\n\t<\/div>\n<\/div>[\/vc_column][vc_column width=&#8221;1\/3&#8243;]\n<div id=\"interactive-banner-1-wrap-2469\" class=\"ult-banner-block ult-adjust-bottom-margin ult-bb-none  banner-style03 \"   style=\"\">\n\t<img decoding=\"async\" src=\"https:\/\/serralleriarcm.com\/wp-content\/uploads\/2016\/04\/empresa-en-reus-puertas-metalicas.jpg\" alt=\"cerrajeria-metalica-en-reus-motorizadas\">\n\t<h3  data-ultimate-target='#interactive-banner-1-wrap-2469 .bb-top-title '  data-responsive-json-new='{\"font-size\":\"\",\"line-height\":\"\"}'  class=\"title-center bb-top-title ult-responsive\" style=\"font-weight:500;background:#ff0000;color:#ffffff;\">PORTES<\/h3>\n\t<div class=\"mask opaque-background\" style=\"background:rgba(255,255,255,0.85);\">\n\t\t<div  data-ultimate-target='#interactive-banner-1-wrap-2469 .bb-description'  data-responsive-json-new='{\"font-size\":\"\",\"line-height\":\"\"}'  class=\"bb-description ult-responsive\" style=\"font-weight:normal;color:#484848;\">Fabricaci\u00f3 de tot tipus de portes, corredisses, seccionales, basculants o batents. Acabats lacats al forn o en acer inoxidable.<\/div>\n\t<\/div>\n<\/div><div class=\"ult-spacer spacer-69f4ae31b042a\" data-id=\"69f4ae31b042a\" data-height=\"40\" data-height-mobile=\"40\" data-height-tab=\"40\" data-height-tab-portrait=\"\" data-height-mobile-landscape=\"\" style=\"clear:both;display:block;\"><\/div>\n<div id=\"interactive-banner-1-wrap-7300\" class=\"ult-banner-block ult-adjust-bottom-margin ult-bb-none  banner-style03 \"   style=\"\">\n\t<img decoding=\"async\" src=\"https:\/\/serralleriarcm.com\/wp-content\/uploads\/2016\/04\/puertas-motorizadas-reus.jpg\" alt=\"puertas-motorizadas-reus\">\n\t<h3  data-ultimate-target='#interactive-banner-1-wrap-7300 .bb-top-title '  data-responsive-json-new='{\"font-size\":\"\",\"line-height\":\"\"}'  class=\"title-center bb-top-title ult-responsive\" style=\"font-weight:500;background:#ff0000;color:#ffffff;\">AUTOMATISMES PER A PORTES<\/h3>\n\t<div class=\"mask opaque-background\" style=\"background:rgba(255,255,255,0.85);\">\n\t\t<div  data-ultimate-target='#interactive-banner-1-wrap-7300 .bb-description'  data-responsive-json-new='{\"font-size\":\"\",\"line-height\":\"\"}'  class=\"bb-description ult-responsive\" style=\"font-weight:normal;color:#484848;\">Motoritzem tot tipus de portes, ben sena corredisses, enrotllables, seccionables, basculants o batents. Amb homologaci\u00f3 vigent en seguretat<\/div>\n\t<\/div>\n<\/div>[\/vc_column][vc_column width=&#8221;1\/3&#8243;]\n<div id=\"interactive-banner-1-wrap-8853\" class=\"ult-banner-block ult-adjust-bottom-margin ult-bb-none  banner-style03 \"   style=\"\">\n\t<img decoding=\"async\" src=\"https:\/\/serralleriarcm.com\/wp-content\/uploads\/2016\/04\/empresa-en-reus-rejas-exteriores.jpg\" alt=\"cerrajeria-en-reus-verjas\">\n\t<h3  data-ultimate-target='#interactive-banner-1-wrap-8853 .bb-top-title '  data-responsive-json-new='{\"font-size\":\"\",\"line-height\":\"\"}'  class=\"title-center bb-top-title ult-responsive\" style=\"font-weight:500;background:#ff0000;color:#ffffff;\">REIXES I REIXATS<\/h3>\n\t<div class=\"mask opaque-background\" style=\"background:rgba(255,255,255,0.85);\">\n\t\t<div  data-ultimate-target='#interactive-banner-1-wrap-8853 .bb-description'  data-responsive-json-new='{\"font-size\":\"\",\"line-height\":\"\"}'  class=\"bb-description ult-responsive\" style=\"font-weight:normal;color:#484848;\">abricaci\u00f3, muntatge i reparaci\u00f3 de tot tipus de tancaments com a reixats i reixes per a exteriors, en diferents materials i acabats. Amb tractaments anti-corrosi\u00f3 per a exteriors.<\/div>\n\t<\/div>\n<\/div><div class=\"ult-spacer spacer-69f4ae31b088b\" data-id=\"69f4ae31b088b\" data-height=\"40\" data-height-mobile=\"40\" data-height-tab=\"40\" data-height-tab-portrait=\"\" data-height-mobile-landscape=\"\" style=\"clear:both;display:block;\"><\/div>\n<div id=\"interactive-banner-1-wrap-8270\" class=\"ult-banner-block ult-adjust-bottom-margin ult-bb-none  banner-style03 \"   style=\"\">\n\t<img decoding=\"async\" src=\"https:\/\/serralleriarcm.com\/wp-content\/uploads\/2016\/04\/empresa-en-reus-portales-acero-inoxidable.jpg\" alt=\"empresa-en-reus-portales-de-acero-inoxidable\">\n\t<h3  data-ultimate-target='#interactive-banner-1-wrap-8270 .bb-top-title '  data-responsive-json-new='{\"font-size\":\"\",\"line-height\":\"\"}'  class=\"title-center bb-top-title ult-responsive\" style=\"font-weight:500;background:#ff0000;color:#ffffff;\">PORTALS I FA\u00c7ANES<\/h3>\n\t<div class=\"mask opaque-background\" style=\"background:rgba(255,255,255,0.85);\">\n\t\t<div  data-ultimate-target='#interactive-banner-1-wrap-8270 .bb-description'  data-responsive-json-new='{\"font-size\":\"\",\"line-height\":\"\"}'  class=\"bb-description ult-responsive\" style=\"font-weight:normal;color:#484848;\">Fabricaci\u00f3 de portals per a edificis, fa\u00e7anes per a oficines o locals comercials. En acer inoxidable o acer lacat al forn amb acristalamiento.<\/div>\n\t<\/div>\n<\/div>[\/vc_column][\/vc_row][vc_row full_width=&#8221;stretch_row&#8221; bg_type=&#8221;image&#8221; parallax_style=&#8221;vcpb-default&#8221; bg_image_new=&#8221;id^8076|url^http:\/\/serralleriarcm.com\/wp-content\/uploads\/2016\/04\/fondo-rojo.jpg|caption^null|alt^fondo-rojo|title^fondo-rojo|description^null&#8221; bg_override=&#8221;full&#8221; css=&#8221;.vc_custom_1487176959938{padding-top: 80px !important;padding-bottom: 80px !important;}&#8221;][vc_column width=&#8221;2\/3&#8243;]<div id=\"ultimate-heading-477169f4ae31b0b26\" class=\"uvc-heading ult-adjust-bottom-margin ultimate-heading-477169f4ae31b0b26 uvc-7772 \" data-hspacer=\"no_spacer\"  data-halign=\"left\" style=\"text-align:left\"><div class=\"uvc-heading-spacer no_spacer\" style=\"top\"><\/div><div class=\"uvc-main-heading ult-responsive\"  data-ultimate-target='.uvc-heading.ultimate-heading-477169f4ae31b0b26 h2'  data-responsive-json-new='{\"font-size\":\"\",\"line-height\":\"\"}' ><h2 style=\"font-weight:bold;color:#ffffff;\">Sol\u00b7liciti pressupost sense comprom\u00eds<\/h2><\/div><div class=\"uvc-sub-heading ult-responsive\"  data-ultimate-target='.uvc-heading.ultimate-heading-477169f4ae31b0b26 .uvc-sub-heading '  data-responsive-json-new='{\"font-size\":\"\",\"line-height\":\"\"}'  style=\"font-weight:normal;color:#ffffff;\">Un dels nostres professionals li assessorar\u00e0 i realitzar\u00e0 un pressupost adaptat a les seves necessitats.<\/div><\/div>[\/vc_column][vc_column width=&#8221;1\/3&#8243;]<div class=\" ubtn-ctn-center \"><a class=\"ubtn-link ult-adjust-bottom-margin ubtn-center ubtn-small \" href = \"http:\/\/serralleriarcm.com\/ca\/contacte\/\" target='' ><button type=\"button\" id=\"ubtn-3332\" class=\"ubtn ult-adjust-bottom-margin ult-responsive ubtn-small ubtn-no-hover-bg  none  ubtn-center   tooltip-69f4ae31b0b87\"  data-hover=\"\" data-border-color=\"#ffffff\" data-bg=\"\" data-hover-bg=\"\" data-border-hover=\"#000000\" data-shadow-hover=\"\" data-shadow-click=\"none\" data-shadow=\"\" data-shd-shadow=\"\"  data-ultimate-target='#ubtn-3332'  data-responsive-json-new='{\"font-size\":\"desktop:24px;\",\"line-height\":\"\"}'  style=\"font-weight:bold;border-radius:30px;border-width:2px;border-color:#ffffff;border-style:solid;color: #ffffff;\"><span class=\"ubtn-hover\" style=\"background-color:\"><\/span><span class=\"ubtn-data ubtn-text \" >Sol\u00b7licitar<\/span><\/button><\/a><\/div>[\/vc_column][\/vc_row][vc_row full_width=&#8221;stretch_row_content_no_spaces&#8221;][vc_column]<div class=\"ult-spacer spacer-69f4ae31b0bb4\" data-id=\"69f4ae31b0bb4\" data-height=\"80\" data-height-mobile=\"80\" data-height-tab=\"80\" data-height-tab-portrait=\"\" data-height-mobile-landscape=\"\" style=\"clear:both;display:block;\"><\/div><div id=\"ultimate-heading-507669f4ae31b0bcd\" class=\"uvc-heading ult-adjust-bottom-margin ultimate-heading-507669f4ae31b0bcd uvc-7806 \" data-hspacer=\"no_spacer\"  data-halign=\"center\" style=\"text-align:center\"><div class=\"uvc-heading-spacer no_spacer\" style=\"top\"><\/div><div class=\"uvc-main-heading ult-responsive\"  data-ultimate-target='.uvc-heading.ultimate-heading-507669f4ae31b0bcd h2'  data-responsive-json-new='{\"font-size\":\"\",\"line-height\":\"\"}' ><h2 style=\"font-weight:bold;color:#ff0000;\">TREBALLS DE SERRALLERIA MET\u00c0L\u00b7LICA<\/h2><\/div><div class=\"uvc-sub-heading ult-responsive\"  data-ultimate-target='.uvc-heading.ultimate-heading-507669f4ae31b0bcd .uvc-sub-heading '  data-responsive-json-new='{\"font-size\":\"\",\"line-height\":\"\"}'  style=\"font-weight:bold;color:#000000;\">Realitzem treballs de fabricaci\u00f3, muntatge i reparaci\u00f3 de tot tipus de serralleria general en tota Catalunya.<\/div><\/div><div class=\"ult-spacer spacer-69f4ae31b0bda\" data-id=\"69f4ae31b0bda\" data-height=\"80\" data-height-mobile=\"80\" data-height-tab=\"80\" data-height-tab-portrait=\"\" data-height-mobile-landscape=\"\" style=\"clear:both;display:block;\"><\/div>[vc_media_grid element_width=&#8221;2&#8243; gap=&#8221;2&#8243; item=&#8221;mediaGrid_FadeInWithIcon&#8221; grid_id=&#8221;vc_gid:1489654592823-8aed01ac-17aa-3&#8243; include=&#8221;8271,7779,8270,8266,7781,8274,7783,8265,8268,8269,8272,8273,8586,8585,8584,8583,8582,8581&#8243;][\/vc_column][\/vc_row]<\/p>\n","protected":false},"excerpt":{"rendered":"<p>[vc_row full_width=&#8221;stretch_row&#8221; bg_type=&#8221;image&#8221; parallax_style=&#8221;vcpb-vz-jquery&#8221; bg_image_new=&#8221;id^8118|url^http:\/\/serralleriarcm.com\/wp-content\/uploads\/2016\/04\/cerrajeria-metalica-en-reus.jpg|caption^null|alt^cerrajeria-metalica-en-reus|title^cerrajeria-metalica-en-reus|description^null&#8221; css=&#8221;.vc_custom_1488193052526{padding-top: 300px !important;padding-bottom: 100px !important;}&#8221;][vc_column][vc_empty_space height=&#8221;30px&#8221;][\/vc_column][\/vc_row][vc_row][vc_column][vc_row_inner][vc_column_inner width=&#8221;1\/2&#8243;][vc_column_text el_class=&#8221;justify&#8221;]A Serralleria RCM realitzem tot tipus de treballs de serralleria met\u00e0l\u00b7lica a Reus i Tarragona. En primer lloc, la nostra empresa est\u00e0 especialitzada en la serralleria met\u00e0l\u00b7lica en general, per la qual cosa fabriquem tot tipus de baranes, reixes met\u00e0l\u00b7liques, reixats exteriors, portes, [&hellip;]<\/p>\n","protected":false},"author":1,"featured_media":0,"parent":0,"menu_order":0,"comment_status":"closed","ping_status":"closed","template":"page.php","meta":{"footnotes":""},"_links":{"self":[{"href":"https:\/\/serralleriarcm.com\/ca\/wp-json\/wp\/v2\/pages\/8427"}],"collection":[{"href":"https:\/\/serralleriarcm.com\/ca\/wp-json\/wp\/v2\/pages"}],"about":[{"href":"https:\/\/serralleriarcm.com\/ca\/wp-json\/wp\/v2\/types\/page"}],"author":[{"embeddable":true,"href":"https:\/\/serralleriarcm.com\/ca\/wp-json\/wp\/v2\/users\/1"}],"replies":[{"embeddable":true,"href":"https:\/\/serralleriarcm.com\/ca\/wp-json\/wp\/v2\/comments?post=8427"}],"version-history":[{"count":4,"href":"https:\/\/serralleriarcm.com\/ca\/wp-json\/wp\/v2\/pages\/8427\/revisions"}],"predecessor-version":[{"id":8588,"href":"https:\/\/serralleriarcm.com\/ca\/wp-json\/wp\/v2\/pages\/8427\/revisions\/8588"}],"wp:attachment":[{"href":"https:\/\/serralleriarcm.com\/ca\/wp-json\/wp\/v2\/media?parent=8427"}],"curies":[{"name":"wp","href":"https:\/\/api.w.org\/{rel}","templated":true}]}}